{"id":152,"date":"2023-04-03T18:25:01","date_gmt":"2023-04-03T16:25:01","guid":{"rendered":"https:\/\/conslaplata.esteri.it\/news\/"},"modified":"2023-05-05T13:13:19","modified_gmt":"2023-05-05T11:13:19","slug":"news","status":"publish","type":"page","link":"https:\/\/conslaplata.esteri.it\/es\/news\/","title":{"rendered":"Noticias"},"content":{"rendered":"        <div class=\"row\">\n\t\t\t<!-- Ricerca sedi post -->\n\t\t\t<div class=\"col-12 mt-4\">\n\t\t\t  <div class=\"callout callout-highlight note ricerca-esteri p-4\">\n                    <div class=\"callout-title\">\n                        <svg class=\"icon\">\n                            <use xlink:href=\"https:\/\/conslaplata.esteri.it\/wp-content\/themes\/sedi-tema\/assets\/svg\/sprites.svg#it-search\"><\/use>\n                        <\/svg>Introduzca sus par\u00e1metros de b\u00fasqueda                    <\/div>\n                    <form id=\"searchFormPost\" name=\"form-search-post\" class=\"form-row align-items-center\" action=\"https:\/\/conslaplata.esteri.it\/es\/wp-json\/wp\/v2\/pages\/152\/\" method=\"GET\"> \n                        <!-- <div class=\"form-group pt-5\"> -->\n                            <!-- <input type=\"hidden\" id=\"lang\" name=\"lang\" value=\"\"> --> <!-- <\/div> -->\n\n                        <div class=\"it-datepicker-wrapper\">\n                            <div class=\"row\">\n                                <div class=\"form-group col-md-6\">\n                                    <label class=\"active\" for=\"date-init\">Desde el<\/label>\n                                    <input class=\"form-control\" name=\"date-init\" id=\"date-init\" type=\"date\" placeholder=\"gg\/mm\/aaaa\" value=\"\"lang=\"en-EN\">  \n                                <\/div>\n                                <div class=\"form-group col-md-6\">\n                                    <label class=\"active\" for=\"date-end\">Hasta el<\/label>\n                                    <input class=\"form-control\" name=\"date-end\" id=\"date-end\" type=\"date\" placeholder=\"gg\/mm\/aaaa\" value=\"\">\n                                <\/div>\n                            <\/div>\n                        <\/div>\n                        <div class=\"form-group col-md-12 mt-3\">\n                            <label for=\"searchText\">Campo de b\u00fasqueda libre<\/label>\n                            <input type=\"text\" name=\"searchText\" class=\"form-control\" id=\"searchText\" value=\"\">\n                        <\/div>\n                        <div class=\"form-group col-md-4 offset-md-8 text-end\">\n                            <a href=\"https:\/\/conslaplata.esteri.it\/es\/news\/\" title=\"Form reset\" id=\"resetImput\" class=\"btn btn-outline-primary btn-xs\">Reset<\/a>\n                            <button type=\"submit\" class=\"btn btn-primary btn-xs\">Mostrar resultados<\/button>\n                        <\/div>\n                    <\/form>\n\t\t\t\t<\/div>\n\t\t\t<\/div>\n\t\t<\/div>\n                    \n            <div class=\"row\">\n                            <div class=\"col-12 mt-3\">\n                <!--start card-->\n                <div class=\"card-wrapper card-space\">\n                    <div class=\"card card-bg card-big border-bottom-card\">\n                        <div class=\"card-body \">\n                                                        <div class=\"category-top\">\n                                                                                                            <span class=\"\">\n                                        <svg class=\"icon icon-secondary\">\n                                            <use xlink:href=\"https:\/\/conslaplata.esteri.it\/wp-content\/themes\/sedi-tema\/assets\/svg\/sprites.svg#it-calendar\"><\/use>\n                                        <\/svg> 3 septiembre 2026                                    <\/span>\n                                                                    <\/div>\n                            <h5 class=\"card-title big-heading text-uppercase\"><a class=\"text-body text-decoration-none\" href=\"https:\/\/conslaplata.esteri.it\/es\/news\/dal_consolato\/2026\/09\/indizione-delle-elezioni-dei-comites-3-settembre-2026\/\" title=\"INDIZIONE DELLE ELEZIONI DEI COMITES \u2013 3 SETTEMBRE 2026\">INDIZIONE DELLE ELEZIONI DEI COMITES \u2013 3 SETTEMBRE 2026<\/a><\/h5>\n                            <p class=\"card-text\">Con Decreto consolare n. 257\/2026 del Capo dell\u2019Ufficio consolare di La Plata sono indette le elezioni per l\u2019istituzione e il rinnovo del Comitato degli Italiani all\u2019estero di La Plata. La data delle elezioni \u00e8 fissata al 4 dicembre 2026. Tale data corrisponde all\u2019ultimo giorno utile per far pervenire al proprio Consolato di riferimento la busta [&hellip;]<\/p>\n                                <a title=\"INDIZIONE DELLE ELEZIONI DEI COMITES \u2013 3 SETTEMBRE 2026\" class=\"read-more\" href=\"https:\/\/conslaplata.esteri.it\/es\/news\/dal_consolato\/2026\/09\/indizione-delle-elezioni-dei-comites-3-settembre-2026\/\">\n                                    <span class=\"text\">Lee mas<\/span>\n                                    <svg class=\"icon\">\n                                    <use xlink:href=\"https:\/\/conslaplata.esteri.it\/wp-content\/themes\/sedi-tema\/assets\/svg\/sprites.svg#it-arrow-right\"><\/use>\n                                    <\/svg>\n                                <\/a>\n                                                    <\/div>\n                    <\/div>\n                <\/div>\n                <!--end card-->\n                <\/div><!-- col-12 .mt-3-->\n                            <div class=\"col-12 mt-3\">\n                <!--start card-->\n                <div class=\"card-wrapper card-space\">\n                    <div class=\"card card-bg card-big border-bottom-card\">\n                        <div class=\"card-body \">\n                                                        <div class=\"category-top\">\n                                                                                                            <span class=\"\">\n                                        <svg class=\"icon icon-secondary\">\n                                            <use xlink:href=\"https:\/\/conslaplata.esteri.it\/wp-content\/themes\/sedi-tema\/assets\/svg\/sprites.svg#it-calendar\"><\/use>\n                                        <\/svg> 28 agosto 2026                                    <\/span>\n                                                                    <\/div>\n                            <h5 class=\"card-title big-heading text-uppercase\"><a class=\"text-body text-decoration-none\" href=\"https:\/\/conslaplata.esteri.it\/es\/news\/dal_consolato\/2026\/08\/aviso-para-la-esponsorizacion-2027\/\" title=\"AVISO PARA LA ESPONSORIZACI\u00d3N \u2013 2027\">AVISO PARA LA ESPONSORIZACI\u00d3N \u2013 2027<\/a><\/h5>\n                            <p class=\"card-text\">Ha sido publicado el aviso p\u00fablico para la b\u00fasqueda y selecci\u00f3n de patrocinadores para las actividades de promoci\u00f3n organizadas por el Consulado General de Italia en La Plata en el a\u00f1o 2027. Se podr\u00e1n presentar las manifestaciones de inter\u00e9s hasta el 31 de marzo de 2027 inclusive. Los eventos representan una importante oportunidad para la [&hellip;]<\/p>\n                                <a title=\"AVISO PARA LA ESPONSORIZACI\u00d3N \u2013 2027\" class=\"read-more\" href=\"https:\/\/conslaplata.esteri.it\/es\/news\/dal_consolato\/2026\/08\/aviso-para-la-esponsorizacion-2027\/\">\n                                    <span class=\"text\">Lee mas<\/span>\n                                    <svg class=\"icon\">\n                                    <use xlink:href=\"https:\/\/conslaplata.esteri.it\/wp-content\/themes\/sedi-tema\/assets\/svg\/sprites.svg#it-arrow-right\"><\/use>\n                                    <\/svg>\n                                <\/a>\n                                                    <\/div>\n                    <\/div>\n                <\/div>\n                <!--end card-->\n                <\/div><!-- col-12 .mt-3-->\n                            <div class=\"col-12 mt-3\">\n                <!--start card-->\n                <div class=\"card-wrapper card-space\">\n                    <div class=\"card card-bg card-big border-bottom-card\">\n                        <div class=\"card-body \">\n                                                        <div class=\"category-top\">\n                                                                                                            <span class=\"\">\n                                        <svg class=\"icon icon-secondary\">\n                                            <use xlink:href=\"https:\/\/conslaplata.esteri.it\/wp-content\/themes\/sedi-tema\/assets\/svg\/sprites.svg#it-calendar\"><\/use>\n                                        <\/svg> 21 agosto 2026                                    <\/span>\n                                                                    <\/div>\n                            <h5 class=\"card-title big-heading text-uppercase\"><a class=\"text-body text-decoration-none\" href=\"https:\/\/conslaplata.esteri.it\/es\/news\/dal_consolato\/2026\/08\/elezioni-comites-2026-modalita-per-la-richiesta-di-iscrizione-nellelenco-elettorale\/\" title=\"ELEZIONI COMITES 2026 \u2013 MODALITA\u2019 PER LA RICHIESTA DI ISCRIZIONE NELL\u2019ELENCO ELETTORALE\">ELEZIONI COMITES 2026 \u2013 MODALITA\u2019 PER LA RICHIESTA DI ISCRIZIONE NELL\u2019ELENCO ELETTORALE<\/a><\/h5>\n                            <p class=\"card-text\">Le elezioni per il rinnovo e l\u2019istituzione dei COMITES si terranno\u00a0entro la fine del 2026. I Comitati degli italiani all\u2019estero sono organi di rappresentanza della collettivit\u00e0 italiana nei rapporti con le rappresentanze diplomatico-consolari e operano per l\u2019integrazione della comunit\u00e0 italiana residente nel Paese straniero in cui si trovano. A questo importante appuntamento elettorale potranno partecipare [&hellip;]<\/p>\n                                <a title=\"ELEZIONI COMITES 2026 \u2013 MODALITA\u2019 PER LA RICHIESTA DI ISCRIZIONE NELL\u2019ELENCO ELETTORALE\" class=\"read-more\" href=\"https:\/\/conslaplata.esteri.it\/es\/news\/dal_consolato\/2026\/08\/elezioni-comites-2026-modalita-per-la-richiesta-di-iscrizione-nellelenco-elettorale\/\">\n                                    <span class=\"text\">Lee mas<\/span>\n                                    <svg class=\"icon\">\n                                    <use xlink:href=\"https:\/\/conslaplata.esteri.it\/wp-content\/themes\/sedi-tema\/assets\/svg\/sprites.svg#it-arrow-right\"><\/use>\n                                    <\/svg>\n                                <\/a>\n                                                    <\/div>\n                    <\/div>\n                <\/div>\n                <!--end card-->\n                <\/div><!-- col-12 .mt-3-->\n                            <div class=\"col-12 mt-3\">\n                <!--start card-->\n                <div class=\"card-wrapper card-space\">\n                    <div class=\"card card-bg card-big border-bottom-card\">\n                        <div class=\"card-body \">\n                                                        <div class=\"category-top\">\n                                                                                                            <span class=\"\">\n                                        <svg class=\"icon icon-secondary\">\n                                            <use xlink:href=\"https:\/\/conslaplata.esteri.it\/wp-content\/themes\/sedi-tema\/assets\/svg\/sprites.svg#it-calendar\"><\/use>\n                                        <\/svg> 19 agosto 2026                                    <\/span>\n                                                                    <\/div>\n                            <h5 class=\"card-title big-heading text-uppercase\"><a class=\"text-body text-decoration-none\" href=\"https:\/\/conslaplata.esteri.it\/es\/news\/dal_consolato\/2026\/08\/se-encuentran-abiertas-las-convocatorias-para-los-premios-cientificos-del-ministerio-de-asuntos-exteriores-y-de-cooperacion-internacional\/\" title=\"Se encuentran abiertas las convocatorias para los premios cient\u00edficos del Ministerio de Asuntos Exteriores y de Cooperaci\u00f3n Internacional\">Se encuentran abiertas las convocatorias para los premios cient\u00edficos del Ministerio de Asuntos Exteriores y de Cooperaci\u00f3n Internacional<\/a><\/h5>\n                            <p class=\"card-text\">El Ministerio de Asuntos Exteriores y de Cooperaci\u00f3n Internacional de Italia abre la convocatoria para las postulaciones a tres premios cient\u00edficos: 1. El premio \u201cScience, She Says!\u201d 2. El premio \u201cL\u2019innovazione che parla italiano\u201d 3. El premio \u201cItalian Bilateral Scientific Cooperation Award\u201d Las solicitudes para cualquiera de las 3 candidaturas deber\u00e1n enviarse a m\u00e1s tardar [&hellip;]<\/p>\n                                <a title=\"Se encuentran abiertas las convocatorias para los premios cient\u00edficos del Ministerio de Asuntos Exteriores y de Cooperaci\u00f3n Internacional\" class=\"read-more\" href=\"https:\/\/conslaplata.esteri.it\/es\/news\/dal_consolato\/2026\/08\/se-encuentran-abiertas-las-convocatorias-para-los-premios-cientificos-del-ministerio-de-asuntos-exteriores-y-de-cooperacion-internacional\/\">\n                                    <span class=\"text\">Lee mas<\/span>\n                                    <svg class=\"icon\">\n                                    <use xlink:href=\"https:\/\/conslaplata.esteri.it\/wp-content\/themes\/sedi-tema\/assets\/svg\/sprites.svg#it-arrow-right\"><\/use>\n                                    <\/svg>\n                                <\/a>\n                                                    <\/div>\n                    <\/div>\n                <\/div>\n                <!--end card-->\n                <\/div><!-- col-12 .mt-3-->\n                            <div class=\"col-12 mt-3\">\n                <!--start card-->\n                <div class=\"card-wrapper card-space\">\n                    <div class=\"card card-bg card-big border-bottom-card\">\n                        <div class=\"card-body \">\n                                                        <div class=\"category-top\">\n                                                                                                            <span class=\"\">\n                                        <svg class=\"icon icon-secondary\">\n                                            <use xlink:href=\"https:\/\/conslaplata.esteri.it\/wp-content\/themes\/sedi-tema\/assets\/svg\/sprites.svg#it-calendar\"><\/use>\n                                        <\/svg> 19 agosto 2026                                    <\/span>\n                                                                    <\/div>\n                            <h5 class=\"card-title big-heading text-uppercase\"><a class=\"text-body text-decoration-none\" href=\"https:\/\/conslaplata.esteri.it\/es\/news\/dal_consolato\/2026\/08\/premio-farnesina-italian-bilateral-scientific-cooperation-award\/\" title=\"Premio Farnesina \u201cItalian bilateral scientific cooperation award\u201d\">Premio Farnesina \u201cItalian bilateral scientific cooperation award\u201d<\/a><\/h5>\n                            <p class=\"card-text\">El Ministerio de Asuntos Exteriores y Cooperaci\u00f3n Internacional de Italia lanz\u00f3 la novena convocatoria del premio\u00a0Italian bilateral scientific cooperation award\u00a0(premio por la cooperaci\u00f3n cient\u00edfica bilateral con Italia) para reconocer a investigadores italianos junior que se hayan distinguidos en el pa\u00eds en el cual trabajan. Por lo tanto, la Embajada de Italia en Buenos Aires invita [&hellip;]<\/p>\n                                <a title=\"Premio Farnesina \u201cItalian bilateral scientific cooperation award\u201d\" class=\"read-more\" href=\"https:\/\/conslaplata.esteri.it\/es\/news\/dal_consolato\/2026\/08\/premio-farnesina-italian-bilateral-scientific-cooperation-award\/\">\n                                    <span class=\"text\">Lee mas<\/span>\n                                    <svg class=\"icon\">\n                                    <use xlink:href=\"https:\/\/conslaplata.esteri.it\/wp-content\/themes\/sedi-tema\/assets\/svg\/sprites.svg#it-arrow-right\"><\/use>\n                                    <\/svg>\n                                <\/a>\n                                                    <\/div>\n                    <\/div>\n                <\/div>\n                <!--end card-->\n                <\/div><!-- col-12 .mt-3-->\n                            <div class=\"col-12 mt-3\">\n                <!--start card-->\n                <div class=\"card-wrapper card-space\">\n                    <div class=\"card card-bg card-big border-bottom-card\">\n                        <div class=\"card-body \">\n                                                        <div class=\"category-top\">\n                                                                                                            <span class=\"\">\n                                        <svg class=\"icon icon-secondary\">\n                                            <use xlink:href=\"https:\/\/conslaplata.esteri.it\/wp-content\/themes\/sedi-tema\/assets\/svg\/sprites.svg#it-calendar\"><\/use>\n                                        <\/svg> 19 agosto 2026                                    <\/span>\n                                                                    <\/div>\n                            <h5 class=\"card-title big-heading text-uppercase\"><a class=\"text-body text-decoration-none\" href=\"https:\/\/conslaplata.esteri.it\/es\/news\/dal_consolato\/2026\/08\/premio-linnovazione-che-parla-italiano\/\" title=\"Premio \u201cL\u2019innovazione che parla italiano\u201d\">Premio \u201cL\u2019innovazione che parla italiano\u201d<\/a><\/h5>\n                            <p class=\"card-text\">El Ministerio de Asuntos Exteriores y Cooperaci\u00f3n Internacional de Italia, Direcci\u00f3n General para el Crecimiento y la Promoci\u00f3n de las Exportaciones y la PNICube (Asociaci\u00f3n Italiana de las Incubadoras Universitarias y de las Business Plan Competition acad\u00e9micas locales) convocan a la\u00a0novena edici\u00f3n del premio\u00a0L\u2019innovazione che parla italiano, como reconocimiento del alto valor innovador de las\u00a0startups\u00a0tecnol\u00f3gicas [&hellip;]<\/p>\n                                <a title=\"Premio \u201cL\u2019innovazione che parla italiano\u201d\" class=\"read-more\" href=\"https:\/\/conslaplata.esteri.it\/es\/news\/dal_consolato\/2026\/08\/premio-linnovazione-che-parla-italiano\/\">\n                                    <span class=\"text\">Lee mas<\/span>\n                                    <svg class=\"icon\">\n                                    <use xlink:href=\"https:\/\/conslaplata.esteri.it\/wp-content\/themes\/sedi-tema\/assets\/svg\/sprites.svg#it-arrow-right\"><\/use>\n                                    <\/svg>\n                                <\/a>\n                                                    <\/div>\n                    <\/div>\n                <\/div>\n                <!--end card-->\n                <\/div><!-- col-12 .mt-3-->\n                            <div class=\"col-12 mt-3\">\n                <!--start card-->\n                <div class=\"card-wrapper card-space\">\n                    <div class=\"card card-bg card-big border-bottom-card\">\n                        <div class=\"card-body \">\n                                                        <div class=\"category-top\">\n                                                                                                            <span class=\"\">\n                                        <svg class=\"icon icon-secondary\">\n                                            <use xlink:href=\"https:\/\/conslaplata.esteri.it\/wp-content\/themes\/sedi-tema\/assets\/svg\/sprites.svg#it-calendar\"><\/use>\n                                        <\/svg> 19 agosto 2026                                    <\/span>\n                                                                    <\/div>\n                            <h5 class=\"card-title big-heading text-uppercase\"><a class=\"text-body text-decoration-none\" href=\"https:\/\/conslaplata.esteri.it\/es\/news\/dal_consolato\/2026\/08\/premio-science-she-says\/\" title=\"Premio \u201cScience, She Says!\u201d\">Premio \u201cScience, She Says!\u201d<\/a><\/h5>\n                            <p class=\"card-text\">El Ministerio de Asuntos Exteriores y Cooperaci\u00f3n Internacional de Italia, convoca a la cuarta edici\u00f3n del\u00a0Premio\u00a0Science, She Says!\u00a0dedicado a j\u00f3venes investigadoras extranjeras que se hayan destacado particularmente en el campo de la ciencia y de la tecnolog\u00eda en diferentes \u00e1reas geogr\u00e1ficas, incluyendo la regi\u00f3n de Am\u00e9rica Central y del Sur y el Caribe. Las ganadoras [&hellip;]<\/p>\n                                <a title=\"Premio \u201cScience, She Says!\u201d\" class=\"read-more\" href=\"https:\/\/conslaplata.esteri.it\/es\/news\/dal_consolato\/2026\/08\/premio-science-she-says\/\">\n                                    <span class=\"text\">Lee mas<\/span>\n                                    <svg class=\"icon\">\n                                    <use xlink:href=\"https:\/\/conslaplata.esteri.it\/wp-content\/themes\/sedi-tema\/assets\/svg\/sprites.svg#it-arrow-right\"><\/use>\n                                    <\/svg>\n                                <\/a>\n                                                    <\/div>\n                    <\/div>\n                <\/div>\n                <!--end card-->\n                <\/div><!-- col-12 .mt-3-->\n                            <div class=\"col-12 mt-3\">\n                <!--start card-->\n                <div class=\"card-wrapper card-space\">\n                    <div class=\"card card-bg card-big border-bottom-card\">\n                        <div class=\"card-body \">\n                                                        <div class=\"category-top\">\n                                                                                                            <span class=\"\">\n                                        <svg class=\"icon icon-secondary\">\n                                            <use xlink:href=\"https:\/\/conslaplata.esteri.it\/wp-content\/themes\/sedi-tema\/assets\/svg\/sprites.svg#it-calendar\"><\/use>\n                                        <\/svg> 17 agosto 2026                                    <\/span>\n                                                                    <\/div>\n                            <h5 class=\"card-title big-heading text-uppercase\"><a class=\"text-body text-decoration-none\" href=\"https:\/\/conslaplata.esteri.it\/es\/news\/dal_consolato\/2026\/08\/elezioni-com-it-es-2026-predisposizione-e-presentazione-liste-elettorali\/\" title=\"ELEZIONI COM.IT.ES. 2026 &#8211; PREDISPOSIZIONE E PRESENTAZIONE LISTE ELETTORALI\">ELEZIONI COM.IT.ES. 2026 &#8211; PREDISPOSIZIONE E PRESENTAZIONE LISTE ELETTORALI<\/a><\/h5>\n                            <p class=\"card-text\">Nel 2026 avranno luogo le elezioni per il rinnovo dei Comitati degli Italiani all\u2019Estero (Com.It.Es.). Ai sensi dell\u2019art. 14 del DPR 395\/2003, le liste possono essere presentate all\u2019Ufficio elettorale nelle ore d\u2019ufficio dal ventesimo al trentesimo giorno successivo all\u2019indizione. La raccolta delle firme, la sottoscrizione delle liste e le relative autentiche possono avvenire sin da [&hellip;]<\/p>\n                                <a title=\"ELEZIONI COM.IT.ES. 2026 &#8211; PREDISPOSIZIONE E PRESENTAZIONE LISTE ELETTORALI\" class=\"read-more\" href=\"https:\/\/conslaplata.esteri.it\/es\/news\/dal_consolato\/2026\/08\/elezioni-com-it-es-2026-predisposizione-e-presentazione-liste-elettorali\/\">\n                                    <span class=\"text\">Lee mas<\/span>\n                                    <svg class=\"icon\">\n                                    <use xlink:href=\"https:\/\/conslaplata.esteri.it\/wp-content\/themes\/sedi-tema\/assets\/svg\/sprites.svg#it-arrow-right\"><\/use>\n                                    <\/svg>\n                                <\/a>\n                                                    <\/div>\n                    <\/div>\n                <\/div>\n                <!--end card-->\n                <\/div><!-- col-12 .mt-3-->\n                            <div class=\"col-12 mt-3\">\n                <!--start card-->\n                <div class=\"card-wrapper card-space\">\n                    <div class=\"card card-bg card-big border-bottom-card\">\n                        <div class=\"card-body \">\n                                                        <div class=\"category-top\">\n                                                                                                            <span class=\"\">\n                                        <svg class=\"icon icon-secondary\">\n                                            <use xlink:href=\"https:\/\/conslaplata.esteri.it\/wp-content\/themes\/sedi-tema\/assets\/svg\/sprites.svg#it-calendar\"><\/use>\n                                        <\/svg> 7 agosto 2026                                    <\/span>\n                                                                    <\/div>\n                            <h5 class=\"card-title big-heading text-uppercase\"><a class=\"text-body text-decoration-none\" href=\"https:\/\/conslaplata.esteri.it\/es\/news\/dal_consolato\/2026\/08\/dia-nacional-del-sacrificio-del-trabajo-italiano-en-el-mundo-8-agosto\/\" title=\"D\u00eda nacional del sacrificio del trabajo italiano en el mundo (8 agosto)\">D\u00eda nacional del sacrificio del trabajo italiano en el mundo (8 agosto)<\/a><\/h5>\n                            <p class=\"card-text\">El 8 de agosto de 2026 se celebra el \u00abD\u00eda nacional del sacrificio del trabajo italiano en el mundo\u00bb para conmemorar la tragedia minera de Marcinelle, en B\u00e9lgica, en el cual, en 1956 perdieron la vida, en la mina de Bois du Cazier 262 mineros, de los cuales 136 eran italianos. En esta ocasi\u00f3n el [&hellip;]<\/p>\n                                <a title=\"D\u00eda nacional del sacrificio del trabajo italiano en el mundo (8 agosto)\" class=\"read-more\" href=\"https:\/\/conslaplata.esteri.it\/es\/news\/dal_consolato\/2026\/08\/dia-nacional-del-sacrificio-del-trabajo-italiano-en-el-mundo-8-agosto\/\">\n                                    <span class=\"text\">Lee mas<\/span>\n                                    <svg class=\"icon\">\n                                    <use xlink:href=\"https:\/\/conslaplata.esteri.it\/wp-content\/themes\/sedi-tema\/assets\/svg\/sprites.svg#it-arrow-right\"><\/use>\n                                    <\/svg>\n                                <\/a>\n                                                    <\/div>\n                    <\/div>\n                <\/div>\n                <!--end card-->\n                <\/div><!-- col-12 .mt-3-->\n                            <div class=\"col-12 mt-3\">\n                <!--start card-->\n                <div class=\"card-wrapper card-space\">\n                    <div class=\"card card-bg card-big border-bottom-card\">\n                        <div class=\"card-body \">\n                                                        <div class=\"category-top\">\n                                                                                                            <span class=\"\">\n                                        <svg class=\"icon icon-secondary\">\n                                            <use xlink:href=\"https:\/\/conslaplata.esteri.it\/wp-content\/themes\/sedi-tema\/assets\/svg\/sprites.svg#it-calendar\"><\/use>\n                                        <\/svg> 31 julio 2026                                    <\/span>\n                                                                    <\/div>\n                            <h5 class=\"card-title big-heading text-uppercase\"><a class=\"text-body text-decoration-none\" href=\"https:\/\/conslaplata.esteri.it\/es\/news\/dal_consolato\/2026\/07\/carta-de-identidad-electronica-validez-ilimitada-de-las-cie-emitidas-a-favor-de-ciudadanos-a-partir-de-los-setenta-anos\/\" title=\"CARTA DE IDENTIDAD ELECTRONICA. Validez ilimitada de las CIE emitidas a favor de ciudadanos a partir de los setenta a\u00f1os\">CARTA DE IDENTIDAD ELECTRONICA. Validez ilimitada de las CIE emitidas a favor de ciudadanos a partir de los setenta a\u00f1os<\/a><\/h5>\n                            <p class=\"card-text\">A partir del\u00a030 de julio de 2026, la Carta de Identidad Electr\u00f3nica (CIE)\u00a0emitida a ciudadanos que, al momento de solicitar su emisi\u00f3n, tengan\u00a0una edad igual o mayor a\u00a0setenta (70) a\u00f1os,\u00a0tendr\u00e1 validez ilimitada\u00a0como documento de viaje para el exterior. Es decir, el ciudadano mayor de setenta a\u00f1os a cuyo favor se haya expedido una CIE a [&hellip;]<\/p>\n                                <a title=\"CARTA DE IDENTIDAD ELECTRONICA. Validez ilimitada de las CIE emitidas a favor de ciudadanos a partir de los setenta a\u00f1os\" class=\"read-more\" href=\"https:\/\/conslaplata.esteri.it\/es\/news\/dal_consolato\/2026\/07\/carta-de-identidad-electronica-validez-ilimitada-de-las-cie-emitidas-a-favor-de-ciudadanos-a-partir-de-los-setenta-anos\/\">\n                                    <span class=\"text\">Lee mas<\/span>\n                                    <svg class=\"icon\">\n                                    <use xlink:href=\"https:\/\/conslaplata.esteri.it\/wp-content\/themes\/sedi-tema\/assets\/svg\/sprites.svg#it-arrow-right\"><\/use>\n                                    <\/svg>\n                                <\/a>\n                                                    <\/div>\n                    <\/div>\n                <\/div>\n                <!--end card-->\n                <\/div><!-- col-12 .mt-3-->\n            \n            <div class=\"col-md-12 mt-4 pb-4\">\n                <nav class=\"navigation col-md-12\" aria-label=\"Navigation\">\n                    <h2 class=\"screen-reader-text visually-hidden\">Paginaci\u00f3n<\/h2>\n                    <div class=\"nav-links\">\n                    <span aria-current=\"page\" class=\"page-numbers current\">1<\/span>\n<a class=\"page-numbers\" href=\"https:\/\/conslaplata.esteri.it\/es\/wp-json\/wp\/v2\/pages\/152\/?pag=2\">2<\/a>\n<a class=\"page-numbers\" href=\"https:\/\/conslaplata.esteri.it\/es\/wp-json\/wp\/v2\/pages\/152\/?pag=3\">3<\/a>\n<span class=\"page-numbers dots\">&hellip;<\/span>\n<a class=\"page-numbers\" href=\"https:\/\/conslaplata.esteri.it\/es\/wp-json\/wp\/v2\/pages\/152\/?pag=63\">63<\/a>\n<a class=\"next page-numbers\" href=\"https:\/\/conslaplata.esteri.it\/es\/wp-json\/wp\/v2\/pages\/152\/?pag=2\"><svg class=\"icon icon-primary\"><use xlink:href=\"https:\/\/conslaplata.esteri.it\/wp-content\/themes\/sedi-tema\/assets\/svg\/sprites.svg#it-chevron-right\"><\/use><\/svg>\n                                    <span class=\"visually-hidden\">Siguiente p\u00e1gina<\/span><\/a>                    <\/div>\n                <\/nav>\n            <\/div>   <!--.col-md-12 -->\n              <\/div><!--.row -->\n              \n","protected":false},"excerpt":{"rendered":"","protected":false},"author":1,"featured_media":0,"parent":0,"menu_order":10,"comment_status":"closed","ping_status":"closed","template":"","meta":{"footnotes":""},"class_list":["post-152","page","type-page","status-publish","hentry"],"_links":{"self":[{"href":"https:\/\/conslaplata.esteri.it\/es\/wp-json\/wp\/v2\/pages\/152","targetHints":{"allow":["GET"]}}],"collection":[{"href":"https:\/\/conslaplata.esteri.it\/es\/wp-json\/wp\/v2\/pages"}],"about":[{"href":"https:\/\/conslaplata.esteri.it\/es\/wp-json\/wp\/v2\/types\/page"}],"author":[{"embeddable":true,"href":"https:\/\/conslaplata.esteri.it\/es\/wp-json\/wp\/v2\/users\/1"}],"replies":[{"embeddable":true,"href":"https:\/\/conslaplata.esteri.it\/es\/wp-json\/wp\/v2\/comments?post=152"}],"version-history":[{"count":1,"href":"https:\/\/conslaplata.esteri.it\/es\/wp-json\/wp\/v2\/pages\/152\/revisions"}],"predecessor-version":[{"id":157,"href":"https:\/\/conslaplata.esteri.it\/es\/wp-json\/wp\/v2\/pages\/152\/revisions\/157"}],"wp:attachment":[{"href":"https:\/\/conslaplata.esteri.it\/es\/wp-json\/wp\/v2\/media?parent=152"}],"curies":[{"name":"wp","href":"https:\/\/api.w.org\/{rel}","templated":true}]}}